{"id":4110,"date":"2022-01-18T17:48:09","date_gmt":"2022-01-18T17:48:09","guid":{"rendered":"https:\/\/www.lifebeetlesazores.com\/?post_type=areas-intervencao&#038;p=4110"},"modified":"2022-02-01T13:18:29","modified_gmt":"2022-02-01T13:18:29","slug":"reserva-natural-da-terra-brava-e-criacao-das-lagoas","status":"publish","type":"areas-intervencao","link":"https:\/\/www.lifebeetlesazores.com\/en\/areas-intervencao\/reserva-natural-da-terra-brava-e-criacao-das-lagoas\/","title":{"rendered":"Reserva Natural da Terra Brava e Cria\u00e7\u00e3o das Lagoas"},"content":{"rendered":"<p>A \u00e1rea de interven\u00e7\u00e3o TER5 localiza-se na zona da Reserva Natural da Terra Brava e Cria\u00e7\u00e3o das Lagoas, situando-se entre os 640 e os 700 m de altitude. A zona apresenta uma boa cobertura de vegeta\u00e7\u00e3o natural (Juniperus brevifolia, Erica azorica, Laurus azorica, Vaccinium cylindraceum e Ilex perado subsp. Azorica) sendo que alguns focos de esp\u00e9cies invasoras j\u00e1 s\u00e3o vis\u00edveis, principalmente de Conteira (Hedychium gardnerianum), nas zonas pr\u00f3ximas aos limites exteriores da \u00e1rea. Foi nesta \u00e1rea que o carocho-da-terra-brava (Trechus terrabravensis), escaravelho end\u00e9mico da ilha Terceira, foi encontrado pela primeira vez.<\/p>\n","protected":false},"featured_media":4160,"template":"","ilhas":[86],"class_list":["post-4110","areas-intervencao","type-areas-intervencao","status-publish","has-post-thumbnail","hentry"],"acf":[],"yoast_head":"<!-- This site is optimized with the Yoast SEO plugin v16.5 - https:\/\/yoast.com\/wordpress\/plugins\/seo\/ -->\n<title>Reserva Natural da Terra Brava e Cria\u00e7\u00e3o das Lagoas | Life Beetles Azores<\/title>\n<meta name=\"robots\" content=\"index, follow, max-snippet:-1, max-image-preview:large, max-video-preview:-1\" \/>\n<link rel=\"canonical\" href=\"https:\/\/www.lifebeetlesazores.com\/areas-intervencao\/reserva-natural-da-terra-brava-e-criacao-das-lagoas\/\" \/>\n<meta property=\"og:locale\" content=\"en_US\" \/>\n<meta property=\"og:type\" content=\"article\" \/>\n<meta property=\"og:title\" content=\"Reserva Natural da Terra Brava e Cria\u00e7\u00e3o das Lagoas | Life Beetles Azores\" \/>\n<meta property=\"og:description\" content=\"A \u00e1rea de interven\u00e7\u00e3o TER5 localiza-se na zona da Reserva Natural da Terra Brava e Cria\u00e7\u00e3o das Lagoas, situando-se entre os 640 e os 700 m de altitude. A zona apresenta uma boa cobertura de vegeta\u00e7\u00e3o natural (Juniperus brevifolia, Erica azorica, Laurus azorica, Vaccinium cylindraceum e Ilex perado subsp. Azorica) sendo que alguns focos de esp\u00e9cies [&hellip;]\" \/>\n<meta property=\"og:url\" content=\"https:\/\/www.lifebeetlesazores.com\/areas-intervencao\/reserva-natural-da-terra-brava-e-criacao-das-lagoas\/\" \/>\n<meta property=\"og:site_name\" content=\"Life Beetles Azores\" \/>\n<meta property=\"article:modified_time\" content=\"2022-02-01T13:18:29+00:00\" \/>\n<meta property=\"og:image\" content=\"https:\/\/www.lifebeetlesazores.com\/wp-content\/uploads\/2022\/01\/reserva-natural-da-terra-brava-e-criacao-das-lagoas-02.jpg\" \/>\n\t<meta property=\"og:image:width\" content=\"576\" \/>\n\t<meta property=\"og:image:height\" content=\"432\" \/>\n<meta name=\"twitter:card\" content=\"summary_large_image\" \/>\n<script type=\"application\/ld+json\" class=\"yoast-schema-graph\">{\"@context\":\"https:\/\/schema.org\",\"@graph\":[{\"@type\":\"Organization\",\"@id\":\"https:\/\/www.lifebeetlesazores.com\/en\/#organization\",\"name\":\"Life Beetles Azores\",\"url\":\"https:\/\/www.lifebeetlesazores.com\/en\/\",\"sameAs\":[],\"logo\":{\"@type\":\"ImageObject\",\"@id\":\"https:\/\/www.lifebeetlesazores.com\/en\/#logo\",\"inLanguage\":\"en-US\",\"url\":\"https:\/\/www.lifebeetlesazores.com\/wp-content\/uploads\/2020\/09\/logo.beetle.horizontal.png\",\"contentUrl\":\"https:\/\/www.lifebeetlesazores.com\/wp-content\/uploads\/2020\/09\/logo.beetle.horizontal.png\",\"width\":316,\"height\":117,\"caption\":\"Life Beetles Azores\"},\"image\":{\"@id\":\"https:\/\/www.lifebeetlesazores.com\/en\/#logo\"}},{\"@type\":\"WebSite\",\"@id\":\"https:\/\/www.lifebeetlesazores.com\/en\/#website\",\"url\":\"https:\/\/www.lifebeetlesazores.com\/en\/\",\"name\":\"Life Beetles Azores\",\"description\":\"Reduzir riscos ambientais e ecol\\u00f3gicos a esp\\u00e9cies amea\\u00e7adas\",\"publisher\":{\"@id\":\"https:\/\/www.lifebeetlesazores.com\/en\/#organization\"},\"potentialAction\":[{\"@type\":\"SearchAction\",\"target\":\"https:\/\/www.lifebeetlesazores.com\/en\/?s={search_term_string}\",\"query-input\":\"required name=search_term_string\"}],\"inLanguage\":\"en-US\"},{\"@type\":\"ImageObject\",\"@id\":\"https:\/\/www.lifebeetlesazores.com\/areas-intervencao\/reserva-natural-da-terra-brava-e-criacao-das-lagoas\/#primaryimage\",\"inLanguage\":\"en-US\",\"url\":\"https:\/\/www.lifebeetlesazores.com\/wp-content\/uploads\/2022\/01\/reserva-natural-da-terra-brava-e-criacao-das-lagoas-02.jpg\",\"contentUrl\":\"https:\/\/www.lifebeetlesazores.com\/wp-content\/uploads\/2022\/01\/reserva-natural-da-terra-brava-e-criacao-das-lagoas-02.jpg\",\"width\":576,\"height\":432},{\"@type\":\"WebPage\",\"@id\":\"https:\/\/www.lifebeetlesazores.com\/areas-intervencao\/reserva-natural-da-terra-brava-e-criacao-das-lagoas\/#webpage\",\"url\":\"https:\/\/www.lifebeetlesazores.com\/areas-intervencao\/reserva-natural-da-terra-brava-e-criacao-das-lagoas\/\",\"name\":\"Reserva Natural da Terra Brava e Cria\\u00e7\\u00e3o das Lagoas | Life Beetles Azores\",\"isPartOf\":{\"@id\":\"https:\/\/www.lifebeetlesazores.com\/en\/#website\"},\"primaryImageOfPage\":{\"@id\":\"https:\/\/www.lifebeetlesazores.com\/areas-intervencao\/reserva-natural-da-terra-brava-e-criacao-das-lagoas\/#primaryimage\"},\"datePublished\":\"2022-01-18T17:48:09+00:00\",\"dateModified\":\"2022-02-01T13:18:29+00:00\",\"breadcrumb\":{\"@id\":\"https:\/\/www.lifebeetlesazores.com\/areas-intervencao\/reserva-natural-da-terra-brava-e-criacao-das-lagoas\/#breadcrumb\"},\"inLanguage\":\"en-US\",\"potentialAction\":[{\"@type\":\"ReadAction\",\"target\":[\"https:\/\/www.lifebeetlesazores.com\/areas-intervencao\/reserva-natural-da-terra-brava-e-criacao-das-lagoas\/\"]}]},{\"@type\":\"BreadcrumbList\",\"@id\":\"https:\/\/www.lifebeetlesazores.com\/areas-intervencao\/reserva-natural-da-terra-brava-e-criacao-das-lagoas\/#breadcrumb\",\"itemListElement\":[{\"@type\":\"ListItem\",\"position\":1,\"name\":\"Home\",\"item\":\"https:\/\/www.lifebeetlesazores.com\/en\/\"},{\"@type\":\"ListItem\",\"position\":2,\"name\":\"Reserva Natural da Terra Brava e Cria\\u00e7\\u00e3o das Lagoas\"}]}]}<\/script>\n<!-- \/ Yoast SEO plugin. -->","_links":{"self":[{"href":"https:\/\/www.lifebeetlesazores.com\/en\/wp-json\/wp\/v2\/areas-intervencao\/4110"}],"collection":[{"href":"https:\/\/www.lifebeetlesazores.com\/en\/wp-json\/wp\/v2\/areas-intervencao"}],"about":[{"href":"https:\/\/www.lifebeetlesazores.com\/en\/wp-json\/wp\/v2\/types\/areas-intervencao"}],"wp:featuredmedia":[{"embeddable":true,"href":"https:\/\/www.lifebeetlesazores.com\/en\/wp-json\/wp\/v2\/media\/4160"}],"wp:attachment":[{"href":"https:\/\/www.lifebeetlesazores.com\/en\/wp-json\/wp\/v2\/media?parent=4110"}],"wp:term":[{"taxonomy":"ilhas","embeddable":true,"href":"https:\/\/www.lifebeetlesazores.com\/en\/wp-json\/wp\/v2\/ilhas?post=4110"}],"curies":[{"name":"wp","href":"https:\/\/api.w.org\/{rel}","templated":true}]}}